{"id":19,"date":"2025-05-02T18:55:00","date_gmt":"2025-05-03T01:55:11","guid":{"rendered":"https:\/\/cycle-jobs.com\/?page_id=19"},"modified":"2025-11-17T21:04:02","modified_gmt":"2025-11-18T05:04:02","slug":"about-cycle-jobs","status":"publish","type":"page","link":"https:\/\/cycle-jobs.com\/fr\/footer\/about-cycle-jobs\/","title":{"rendered":"\u00c0 propos"},"content":{"rendered":"<section class=\"cj-section\">\n  <div class=\"cj-container\">\n    <h1>B\u00e2tir l&#039;avenir des carri\u00e8res dans le cyclisme \u2014 avec transparence et d\u00e9termination<\/h1>\n    <p>Une plateforme gratuite et ind\u00e9pendante d\u00e9di\u00e9e \u00e0 rendre les emplois dans le secteur du cyclisme plus visibles, \u00e9quitables et accessibles.<\/p>\n  <\/div>\n<\/section>\n\n\n\n<div id=\"Why-This-Matters\" class=\"wp-block-group is-layout-flow wp-block-group-is-layout-flow\" style=\"margin-top:2.5rem;margin-bottom:2.5rem;padding-top:var(--wp--preset--spacing--70);padding-bottom:0\">\n<!-- ============================================================\nC8 \u2014 WHY THIS MATTERS (Neutral Global Theme)\n============================================================ -->\n<section id=\"C8-why-this-matters\" class=\"cj-section cj-fadein is-visible cj-why\" data-cj-reveal=\"\">\n  <div class=\"cj-container text-center\">\n\n    <h2 class=\"cj-section--title\" style=\"color:var(--cj-black);\">Pourquoi c&#039;est important<\/h2>\n    <p class=\"cj-section--subtitle\">Les fondements qui rendent Cycle-Jobs \u00e9quitable, transparent et accessible \u00e0 tous<\/p>\n\n    <div class=\"cj-features--grid\">\n\n      <!-- No Personal Data Stored -->\n      <div class=\"cj-feature cj-hover-lift\">\n        <div class=\"cj-feature--icon\">\ud83d\udd12<\/div>\n        <h3 class=\"cj-feature--title\" style=\"color:var(--cj-black);\">Aucune donn\u00e9e personnelle stock\u00e9e<\/h3>\n        <p class=\"cj-feature--text\">Nous ne collectons ni ne conservons jamais vos informations personnelles. Votre navigation reste enti\u00e8rement anonyme.<\/p>\n      <\/div>\n\n      <!-- No Login Required -->\n      <div class=\"cj-feature cj-hover-lift\">\n        <div class=\"cj-feature--icon\">\ud83d\udeab<\/div>\n        <h3 class=\"cj-feature--title\" style=\"color:var(--cj-black);\">Aucune connexion requise<\/h3>\n        <p class=\"cj-feature--text\">Tout est accessible \u00e0 tous \u2014 sans compte, sans abonnement, sans connexion.<\/p>\n      <\/div>\n\n      <!-- Free & Open to All -->\n      <div class=\"cj-feature cj-hover-lift\">\n        <div class=\"cj-feature--icon\">\ud83c\udf0d<\/div>\n        <h3 class=\"cj-feature--title\" style=\"color:var(--cj-black);\">Gratuit et ouvert \u00e0 tous<\/h3>\n        <p class=\"cj-feature--text\">Toutes les annonces sont accessibles gratuitement et ouvertes \u00e0 la communaut\u00e9 cycliste mondiale.<\/p>\n      <\/div>\n\n    <\/div>\n  <\/div>\n<\/section>\n\n<\/div>\n\n\n\n<div class=\"cj-divider\"><\/div>\n\n\n\n<div id=\"About\" class=\"wp-block-group has-ast-global-color-7-background-color has-background is-layout-constrained wp-container-core-group-is-layout-acdf9622 wp-block-group-is-layout-constrained\" style=\"border-top-left-radius:10px;border-top-right-radius:10px;border-bottom-left-radius:10px;border-bottom-right-radius:10px;margin-top:2.5rem;margin-bottom:2.5rem;padding-top:var(--wp--preset--spacing--20);padding-right:0;padding-bottom:0;padding-left:0\">\n<!-- ABOUT CYCLE-JOBS -->\n<section class=\"cj-section\">\n  <div class=\"cj-container\">\n\n    <div class=\"cj-box\">\n      <h2>\u00c0 propos de Cycle-Jobs<\/h2>\n\n      <p>\n        <strong>Cycle-Jobs.com<\/strong> est un <strong>plateforme communautaire et non commerciale<\/strong> cr\u00e9\u00e9 pour rendre les opportunit\u00e9s de carri\u00e8re dans le secteur du cyclisme et des activit\u00e9s de plein air plus visibles, transparentes et accessibles.\n      <\/p>\n\n      <p>\n        Que vous soyez m\u00e9canicien, responsable marketing ou ing\u00e9nieur, Cycle-Jobs vous aide \u00e0 trouver les opportunit\u00e9s qui vous correspondent, toutes marques, tous pays et toutes disciplines confondus.\n      <\/p>\n\n      <p>\n        Au cours de la derni\u00e8re d\u00e9cennie, j&#039;ai \u00e9t\u00e9 <strong>recherche et analyse de l&#039;industrie mondiale du cyclisme<\/strong> \u2014 de l&#039;\u00e9volution des marques et des tendances en mati\u00e8re d&#039;embauche \u00e0 la transparence sur le lieu de travail \u2014 afin de rendre ces connaissances librement accessibles \u00e0 tous gr\u00e2ce \u00e0 Cycle-Jobs.\n      <\/p>\n    <\/div>\n\n  <\/div>\n<\/section>\n\n<\/div>\n\n\n\n<div class=\"cj-divider\"><\/div>\n\n\n\n<div id=\"The-Problems\" class=\"wp-block-group is-layout-constrained wp-block-group-is-layout-constrained\">\n<section class=\"cj-section\">\n  <div class=\"cj-container\">\n    <div class=\"cj-box\">\n\n      <h2>Les probl\u00e8mes que nous r\u00e9solvons dans l&#039;industrie du cyclisme<\/h2>\n\n      <p>\n        Le secteur du cyclisme et des activit\u00e9s de plein air est plein de passion, mais loin d&#039;\u00eatre transparent. Haute qualit\u00e9 <strong>emplois dans l&#039;industrie du v\u00e9lo<\/strong> Les offres d&#039;emploi sont dispers\u00e9es, incoh\u00e9rentes et plus difficiles d&#039;acc\u00e8s qu&#039;elles ne devraient l&#039;\u00eatre. Cycle-Jobs a \u00e9t\u00e9 cr\u00e9\u00e9 pour rem\u00e9dier \u00e0 ces probl\u00e8mes structurels, tant pour les talents que pour les entreprises.\n      <\/p>\n\n      <ul>\n        <li>\ud83d\udcc9 <strong>Les offres d&#039;emploi dans le secteur du cyclisme (74%) ne comprennent pas d&#039;informations salariales.<\/strong>, limitant ainsi l&#039;\u00e9quit\u00e9 et la prise de d\u00e9cisions \u00e9clair\u00e9es.<\/li>\n        <li>\ud83d\udd0d <strong>61% des marques ne disposent pas d&#039;une page carri\u00e8re structur\u00e9e<\/strong>, ce qui rend difficile pour les candidats de s&#039;y retrouver parmi les opportunit\u00e9s.<\/li>\n        <li>\u23f3 <strong>42% offres d&#039;emploi sur LinkedIn expirent apr\u00e8s 30 jours.<\/strong>, bien qu&#039;elle apparaisse toujours comme \u201c active \u201d.<\/li>\n      <\/ul>\n\n      <p>\n        De plus, les offres d&#039;emploi sont \u00e9parpill\u00e9es sur des dizaines de sites web disparates, sans source unique d&#039;information fiable. Les fourchettes de salaires sont incoh\u00e9rentes, les attentes floues et les proc\u00e9dures de candidature varient consid\u00e9rablement d&#039;une entreprise \u00e0 l&#039;autre.\n      <\/p>\n\n      <p>\n        Cycle-Jobs apporte clart\u00e9, structure et transparence \u00e0 un secteur qui en a cruellement besoin, permettant aux professionnels et aux employeurs de prendre de meilleures d\u00e9cisions au sein d&#039;un environnement v\u00e9ritablement mondial. <strong>plateforme d&#039;emplois cyclistes<\/strong>.\n      <\/p>\n\n    <\/div>\n  <\/div>\n<\/section>\n\n<\/div>\n\n\n\n<section class=\"cj-section\">\n  <div class=\"cj-container\">\n    <div class=\"cj-box cj-box--transparent\" style=\"text-align:center;\">\n\n      <p style=\"font-size:1.1rem; margin-bottom:16px;\">\n        Vous souhaitez obtenir des informations plus approfondies sur les salaires, des \u00e9valuations de la transparence des marques et des analyses sectorielles\u00a0?\n      <\/p>\n\n      <a href=\"\/fr\/premium\/\" class=\"cj-btn cj-btn--primary\">\n        D\u00e9bloquer Cycle-Jobs Premium \u2192\n      <\/a>\n\n    <\/div>\n  <\/div>\n<\/section>\n\n\n\n\n<div id=\"who-made-this\" class=\"wp-block-group has-ast-global-color-7-background-color has-background is-layout-constrained wp-container-core-group-is-layout-21c309ac wp-block-group-is-layout-constrained\" style=\"border-top-left-radius:15px;border-top-right-radius:15px;border-bottom-left-radius:15px;border-bottom-right-radius:15px\">\n<section class=\"cj-section\">\n  <div class=\"cj-container\">\n    <div class=\"cj-box cj-box--transparent\">\n\n      <h2>Qui est derri\u00e8re Cycle-Jobs ?<\/h2>\n\n      <div class=\"who-box\" style=\"display:flex; flex-wrap:wrap; gap:32px; align-items:center;\">\n\n        <img data-recalc-dims=\"1\" decoding=\"async\" src=\"https:\/\/i0.wp.com\/cycle-jobs.com\/wp-content\/uploads\/2025\/09\/DROZPHOTO_Yvaral_Villier_80527.jpg?ssl=1\"\n             alt=\"Yvaral Villier\"\n             style=\"max-width:300px; border-radius:12px;\">\n\n        <div class=\"who-text\" style=\"flex:1; min-width:260px;\">\n\n          <p>\n            <strong>Cycle-Jobs.com a \u00e9t\u00e9 cr\u00e9\u00e9 par Yvaral Villier<\/strong>, un professionnel de l&#039;industrie du cyclisme avec plus de 25 ans d&#039;exp\u00e9rience dans la distribution, les ventes, la gestion de produits, la logistique, le leadership et le d\u00e9veloppement commercial international.\n          <\/p>\n\n          <p>\n            Ancien directeur national de Commencal Canada et fervent d\u00e9fenseur du cyclisme de longue date, Yvaral a pass\u00e9 des d\u00e9cennies \u00e0 b\u00e2tir, soutenir et transformer des entreprises du secteur du cyclisme en Europe et en Am\u00e9rique du Nord.\n          <\/p>\n\n          <p>\n            Ancien champion de cyclisme, instructeur et dirigeant de club, il a consacr\u00e9 sa vie \u00e0 ce sport \u2014 de la comp\u00e9tition \u00e0 l&#039;entra\u00eenement et au d\u00e9veloppement de jeunes cyclistes, en passant par l&#039;accompagnement des marques et des professionnels vers une plus grande transparence et davantage d&#039;opportunit\u00e9s.\n          <\/p>\n\n          <p>\n            Cycle-Jobs est le fruit de ce parcours : une plateforme con\u00e7ue pour aider la communaut\u00e9 cycliste mondiale \u00e0 acc\u00e9der \u00e0 des opportunit\u00e9s de meilleure qualit\u00e9, exemptes de pr\u00e9jug\u00e9s d&#039;entreprises et de discours marketing absurdes.\n          <\/p>\n\n          <p>\n            <strong>Aujourd&#039;hui, Cycle-Jobs touche des milliers de professionnels du cyclisme chaque semaine<\/strong> \u2014 une croissance organique fond\u00e9e sur la confiance, la transparence et le soutien de la communaut\u00e9.\n          <\/p>\n\n          <a href=\"https:\/\/www.linkedin.com\/in\/yvaral\" class=\"cj-btn cj-btn--black\" target=\"_blank\" rel=\"nofollow noopener\">\n            Connectez-vous sur LinkedIn\n          <\/a>\n\n          <p style=\"margin-top:20px;\">\n            Vous recherchez des opportunit\u00e9s actuelles\u00a0? Explorez les <a href=\"\/fr\/find-your-job\/\" class=\"cj-inline--link\">Trouvez votre emploi<\/a> page.\n          <\/p>\n\n        <\/div>\n      <\/div>\n\n    <\/div>\n  <\/div>\n<\/section>\n\n<\/div>\n\n\n\n<div class=\"cj-divider\"><\/div>\n\n\n\n<div id=\"our-philosophy\" class=\"wp-block-group is-layout-constrained wp-block-group-is-layout-constrained\">\n<!-- ============================================================\n   PROPOSITION 7 \u2014 Our Philosophy\n============================================================ -->\n<section class=\"cj-section cj-philosophy\">\n  <div class=\"cj-container\">\n    <h2>Notre philosophie<\/h2>\n\n    <p>\n      Cycle-Jobs repose sur une promesse simple\u00a0: <strong>rendre l&#039;industrie du cyclisme plus transparente, \u00e9thique et centr\u00e9e sur l&#039;humain<\/strong>. Pas de manipulation, pas de man\u0153uvres obscures, pas de faux-semblants marketing \u2014 juste de la clart\u00e9 et du respect pour ceux qui font avancer ce secteur.\n    <\/p>\n\n    <ul class=\"cj-list\">\n      <li>\ud83e\udded <strong>Pas de motifs sombres<\/strong> \u2014 Jamais. Aucune connexion forc\u00e9e, aucun pi\u00e8ge, ni collecte de donn\u00e9es cach\u00e9e.<\/li>\n      <li>\ud83d\udcd6 <strong>Descriptions de poste sans blabla<\/strong> \u2014 clair, structur\u00e9 et \u00e9valu\u00e9 au besoin.<\/li>\n      <li>\ud83d\udd0d <strong>La transparence d&#039;abord<\/strong> \u2014 lorsque les conditions de travail ou les salaires ne sont pas clairs, nous le divulguons.<\/li>\n      <li>\ud83e\udd1d <strong>Approche centr\u00e9e sur l&#039;humain<\/strong> \u2014 soutenir les carri\u00e8res, pas les entreprises.<\/li>\n      <li>\ud83c\udf31 <strong>ax\u00e9 sur la communaut\u00e9<\/strong> \u2014 con\u00e7u pour servir les cyclistes, les m\u00e9caniciens, les ing\u00e9nieurs et tous les professionnels du cyclisme.<\/li>\n      <li>\ud83c\udf0d <strong>Vision globale<\/strong> \u2014 faisant le lien entre l&#039;h\u00e9ritage europ\u00e9en, l&#039;innovation nord-am\u00e9ricaine et les talents du monde entier.<\/li>\n    <\/ul>\n\n    <p>\n      C&#039;est bien plus qu&#039;une plateforme pour l&#039;emploi\u00a0: c&#039;est un mouvement. Une mobilisation pour l&#039;\u00e9quit\u00e9, la transparence et la durabilit\u00e9 \u00e0 long terme dans l&#039;ensemble du secteur du cyclisme et des activit\u00e9s de plein air.\n    <\/p>\n  <\/div>\n<\/section>\n<\/div>\n\n\n\n<div class=\"cj-divider\"><\/div>\n\n\n\n<div id=\"our-values\" class=\"wp-block-group has-ast-global-color-7-background-color has-background is-layout-constrained wp-block-group-is-layout-constrained\" style=\"border-top-left-radius:15px;border-top-right-radius:15px;border-bottom-left-radius:15px;border-bottom-right-radius:15px\">\n<section class=\"cj-section\">\n  <div class=\"cj-container\">\n    <div class=\"cj-box\">\n\n      <h2>Nos valeurs<\/h2>\n\n      <ul>\n        <li><strong>La transparence d&#039;abord<\/strong> \u2014 Pas d&#039;annonces cach\u00e9es, pas de paywall, pas de secret.<\/li>\n        <li><strong>Aucune manipulation<\/strong> \u2014 Pas de pratiques trompeuses, pas de connexions forc\u00e9es, pas de suivi.<\/li>\n        <li><strong>La communaut\u00e9 avant le profit<\/strong> \u2014 con\u00e7u pour les cyclistes, les m\u00e9caniciens, les sp\u00e9cialistes du marketing, les ing\u00e9nieurs et tous les acteurs du monde du cyclisme.<\/li>\n      <\/ul>\n\n      <p style=\"margin-top:16px;\">\n        Ces valeurs guident tout ce que nous construisons, garantissant ainsi que Cycle-Jobs reste ind\u00e9pendant, \u00e9thique et ax\u00e9 sur la communaut\u00e9.\n      <\/p>\n\n    <\/div>\n  <\/div>\n<\/section>\n\n<\/div>\n\n\n\n<div class=\"cj-divider\"><\/div>\n\n\n\n<div id=\"the-team-ab\" class=\"wp-block-group is-layout-constrained wp-block-group-is-layout-constrained\">\n<!-- ============================================================\n   TEAM (Responsive Version)\n============================================================ -->\n<section class=\"cj-section\">\n  <div class=\"cj-container\">\n    <div class=\"cj-box cj-box--transparent\">\n\n      <h2>L&#039;\u00e9quipe (en quelque sorte \ud83d\ude09)<\/h2>\n\n      <div class=\"cj-team-photo\">\n        <img data-recalc-dims=\"1\" decoding=\"async\" \n          src=\"https:\/\/i0.wp.com\/cycle-jobs.com\/wp-content\/uploads\/2025\/11\/Group-Portrait-of-Diverse-Roles.png?ssl=1\"\n          alt=\"Cycle-Jobs Team\"\n          class=\"cj-team-img\"\n        >\n      <\/div>\n\n      <p style=\"text-align:center; max-width:700px; margin:20px auto;\">\n        Cycle-Jobs est techniquement un <strong>projet individuel<\/strong> \u2014 mais comme je cumule plusieurs r\u00f4les, voici \u201c l\u2019\u00e9quipe \u201d\u00a0: c\u2019est moi, qui fais simplement des t\u00e2ches diff\u00e9rentes.\n      <\/p>\n\n      <ul style=\"list-style:none; padding-left:0; max-width:600px; margin:0 auto;\">\n        <li><strong>Yvaral \u2013 Fondateur et d\u00e9veloppeur<\/strong> \ud83e\udde0 Code, donn\u00e9es et caf\u00e9ine.<\/li>\n        <li><strong>Yvaral \u2013 R\u00e9dacteur en chef<\/strong> \u270d\ufe0f Actualit\u00e9s, transparence et trop de virgules.<\/li>\n        <li><strong>Yvaral \u2013 Directeur marketing<\/strong> \ud83d\ude80 Je refuse toujours d&#039;utiliser des techniques de manipulation.<\/li>\n        <li><strong>Yvaral \u2013 Service client<\/strong> \ud83d\udcac De la gentillesse (et des m\u00e8mes) garantis 24h\/24 et 7j\/7.<\/li>\n        <li><strong>Yvaral \u2013 Photographe<\/strong> \ud83d\udcf8 \u201c Il a fallu 4 heures pour obtenir un \u00e9clairage correct pour cette photo. \u201d<\/li>\n      <\/ul>\n\n      <p style=\"text-align:center; margin-top:20px;\">\n        \u201c Oui, c&#039;est moi qui m&#039;en occupe enti\u00e8rement. Cycle-Jobs est un projet solo, n\u00e9 d&#039;une consommation excessive de caf\u00e9 et d&#039;une grande passion pour les v\u00e9los. \u201d\n      <\/p>\n\n    <\/div>\n  <\/div>\n<\/section>\n\n<\/div>\n\n\n\n<div id=\"PROOF-OF-WORK\" class=\"wp-block-group is-layout-constrained wp-block-group-is-layout-constrained\">\n<section class=\"cj-section\">\n  <div class=\"cj-container\">\n    <div class=\"cj-box cj-box--transparent\" style=\"text-align:center;\">\n\n      <p style=\"font-size:1.1rem;\">\n        Utilis\u00e9e par des milliers de professionnels du cyclisme en Europe, au Canada et aux \u00c9tats-Unis.\n      <\/p>\n\n    <\/div>\n  <\/div>\n<\/section>\n\n<\/div>\n\n\n\n<div id=\"FAQ\" class=\"wp-block-group is-layout-constrained wp-block-group-is-layout-constrained\">\n<!-- ============================================================\n   PROPOSITION 5 \u2014 FAQ (Structure identique \u00e0 la page \/en\/jobs\/)\n============================================================ -->\n<section class=\"cj-section cj-faq\">\n  <div class=\"cj-container\">\n    <h2>Foire aux questions<\/h2>\n\n    <div class=\"cj-faq--list\">\n\n      <details class=\"cj-faq--item\">\n        <summary>Cycle-Jobs est-il vraiment gratuit\u00a0?<\/summary>\n        <div class=\"cj-faq--content\">\n          <p>Oui. La recherche d&#039;offres d&#039;emploi est enti\u00e8rement gratuite. Aucune inscription, aucune collecte de donn\u00e9es. Les fonctionnalit\u00e9s premium sont optionnelles.<\/p>\n        <\/div>\n      <\/details>\n\n      <details class=\"cj-faq--item\">\n        <summary>Stockez-vous des donn\u00e9es personnelles ?<\/summary>\n        <div class=\"cj-faq--content\">\n          <p>Non. Cycle-Jobs ne stocke aucune information personnelle et ne suit pas votre comportement sur le site.<\/p>\n        <\/div>\n      <\/details>\n\n      <details class=\"cj-faq--item\">\n        <summary>Comment \u00e9valuez-vous les offres d&#039;emploi ?<\/summary>\n        <div class=\"cj-faq--content\">\n          <p>\n            Les offres d&#039;emploi sont analys\u00e9es \u00e0 l&#039;aide de nos indicateurs RH internes afin de garantir la clart\u00e9, l&#039;\u00e9quit\u00e9, la transparence, la visibilit\u00e9 des salaires et la d\u00e9finition des postes. Plus d&#039;informations sont disponibles sur le site web. \n            <a href=\"\/fr\/industry-overview\/\" class=\"cj-inline--link\">page de pr\u00e9sentation du secteur<\/a>.\n          <\/p>\n        <\/div>\n      <\/details>\n\n      <details class=\"cj-faq--item\">\n        <summary>Cycle-Jobs est-il affili\u00e9 \u00e0 des marques quelconques\u00a0?<\/summary>\n        <div class=\"cj-faq--content\">\n          <p>Non. Cycle-Jobs est ind\u00e9pendant et n&#039;accepte aucune influence de la part des marques concernant les classements ou la visibilit\u00e9 des offres d&#039;emploi.<\/p>\n        <\/div>\n      <\/details>\n\n      <details class=\"cj-faq--item\">\n        <summary>Qu&#039;est-ce qui est inclus dans l&#039;abonnement Premium\u00a0?<\/summary>\n        <div class=\"cj-faq--content\">\n          <p>\n            L&#039;abonnement Premium donne acc\u00e8s \u00e0 des fonctionnalit\u00e9s avanc\u00e9es telles que l&#039;historique de navigation complet, les analyses, les alertes emploi personnalis\u00e9es, les flux RSS priv\u00e9s et des informations suppl\u00e9mentaires sur l&#039;ensemble du secteur du cyclisme mondial.\n          <\/p>\n        <\/div>\n      <\/details>\n\n<\/div>","protected":false},"excerpt":{"rendered":"<p>Cycle Jobs is a community project aimed at consolidating job opportunities in the cycling and outdoor industry. It simplifies the job search by aggregating positions from various brands in real time, without data storage or user login. Revenue generated will be donated to cycling causes, ensuring transparency and support for the community.<\/p>","protected":false},"author":265517148,"featured_media":0,"parent":3587,"menu_order":1,"comment_status":"closed","ping_status":"closed","template":"","meta":{"site-sidebar-layout":"default","site-content-layout":"","ast-site-content-layout":"","site-content-style":"default","site-sidebar-style":"default","ast-global-header-display":"","ast-banner-title-visibility":"","ast-main-header-display":"","ast-hfb-above-header-display":"","ast-hfb-below-header-display":"","ast-hfb-mobile-header-display":"","site-post-title":"disabled","ast-breadcrumbs-content":"","ast-featured-img":"","footer-sml-layout":"","ast-disable-related-posts":"","theme-transparent-header-meta":"","adv-header-id-meta":"","stick-header-meta":"","header-above-stick-meta":"","header-main-stick-meta":"","header-below-stick-meta":"","astra-migrate-meta-layouts":"default","ast-page-background-enabled":"default","ast-page-background-meta":{"desktop":{"background-color":"var(--ast-global-color-5)","background-image":"","background-repeat":"repeat","background-position":"center center","background-size":"auto","background-attachment":"scroll","background-type":"","background-media":"","overlay-type":"","overlay-color":"","overlay-opacity":"","overlay-gradient":""},"tablet":{"background-color":"","background-image":"","background-repeat":"repeat","background-position":"center center","background-size":"auto","background-attachment":"scroll","background-type":"","background-media":"","overlay-type":"","overlay-color":"","overlay-opacity":"","overlay-gradient":""},"mobile":{"background-color":"","background-image":"","background-repeat":"repeat","background-position":"center center","background-size":"auto","background-attachment":"scroll","background-type":"","background-media":"","overlay-type":"","overlay-color":"","overlay-opacity":"","overlay-gradient":""}},"ast-content-background-meta":{"desktop":{"background-color":"var(--ast-global-color-4)","background-image":"","background-repeat":"repeat","background-position":"center center","background-size":"auto","background-attachment":"scroll","background-type":"","background-media":"","overlay-type":"","overlay-color":"","overlay-opacity":"","overlay-gradient":""},"tablet":{"background-color":"var(--ast-global-color-4)","background-image":"","background-repeat":"repeat","background-position":"center center","background-size":"auto","background-attachment":"scroll","background-type":"","background-media":"","overlay-type":"","overlay-color":"","overlay-opacity":"","overlay-gradient":""},"mobile":{"background-color":"var(--ast-global-color-4)","background-image":"","background-repeat":"repeat","background-position":"center center","background-size":"auto","background-attachment":"scroll","background-type":"","background-media":"","overlay-type":"","overlay-color":"","overlay-opacity":"","overlay-gradient":""}},"_wpcom_ai_launchpad_about_page":false,"_wpcom_ai_launchpad_gallery_page":false,"_wpcom_ai_launchpad_contact_page":false,"_wpcom_ai_launchpad_events_page":false,"_wpcom_ai_launchpad_video_page":false,"_wpcom_ai_launchpad_portfolio_piece":false,"footnotes":"","big_sky_generated":false},"class_list":["post-19","page","type-page","status-publish","hentry"],"jetpack_sharing_enabled":true,"_links":{"self":[{"href":"https:\/\/cycle-jobs.com\/fr\/wp-json\/wp\/v2\/pages\/19","targetHints":{"allow":["GET"]}}],"collection":[{"href":"https:\/\/cycle-jobs.com\/fr\/wp-json\/wp\/v2\/pages"}],"about":[{"href":"https:\/\/cycle-jobs.com\/fr\/wp-json\/wp\/v2\/types\/page"}],"author":[{"embeddable":true,"href":"https:\/\/cycle-jobs.com\/fr\/wp-json\/wp\/v2\/users\/265517148"}],"replies":[{"embeddable":true,"href":"https:\/\/cycle-jobs.com\/fr\/wp-json\/wp\/v2\/comments?post=19"}],"version-history":[{"count":87,"href":"https:\/\/cycle-jobs.com\/fr\/wp-json\/wp\/v2\/pages\/19\/revisions"}],"predecessor-version":[{"id":27815,"href":"https:\/\/cycle-jobs.com\/fr\/wp-json\/wp\/v2\/pages\/19\/revisions\/27815"}],"up":[{"embeddable":true,"href":"https:\/\/cycle-jobs.com\/fr\/wp-json\/wp\/v2\/pages\/3587"}],"wp:attachment":[{"href":"https:\/\/cycle-jobs.com\/fr\/wp-json\/wp\/v2\/media?parent=19"}],"curies":[{"name":"wp","href":"https:\/\/api.w.org\/{rel}","templated":true}]}}